{"id":2895,"date":"2026-02-14T21:06:51","date_gmt":"2026-02-14T21:06:51","guid":{"rendered":"https:\/\/www.ibeka.de\/?page_id=2895"},"modified":"2026-02-16T20:56:05","modified_gmt":"2026-02-16T20:56:05","slug":"fasi","status":"publish","type":"page","link":"https:\/\/www.ibeka.de\/?page_id=2895","title":{"rendered":"Wir suchen&#8230;"},"content":{"rendered":"\n<p><\/p>\n\n\n<p><strong>Lust auf Ver\u00e4nderung?<\/strong><\/p>\n<p>Wir suchen f\u00fcr unsere Projekte weitere Mitarbeiter!<\/p>\n<p>Arbeiten Sie als <strong>SiGeKo und\/oder Fachkraft f\u00fcr Arbeitssicherheit<\/strong> (BGBau BGETEM BGHM) in unserem Team.<\/p>\n<p>Ihre Aufgaben:<\/p>\n<p>Sie unterst\u00fctzen unsere Kunden aus dem Bauhaupt- und -nebengewerbe bei der<\/p>\n<p>\u2013 Erstellung von Gef\u00e4hrdungsbeurteilungen<\/p>\n<p>\u2013 Durchf\u00fchren von Schulungen<\/p>\n<p>\u2013 Zusammenarbeit mit Sicherheitsbeauftragten der Firmen<\/p>\n<p>\u2013 Erstellung von Unfallmeldungen und \u2013Analysen<\/p>\n<p>\u2013 Organisation der ASA-(Arbeitsschutzausschuss) Sitzungen<\/p>\n<p>\u2013 Vorbereitung der Arbeitsmedizinischen Untersuchungen der Mitarbeiter unserer Kunden<\/p>\n<p>\u2013 Durchf\u00fchrung von Baustellenkontrollen im Raum Berlin Dresden Leipzig Hannover Erfurt N\u00fcrnberg etc.<\/p>\n<p>Ihre Voraussetzungen:<\/p>\n<p>\u2013 abgeschlossenes Fach\/Hochschulstudium, Meister-\/Technikerschule \u2013 Sicherheitsingenieur\/-meister oder Fachkraft f\u00fcr Arbeitssicherheit, ggf. Sicherheits- und Gesundheitsschutzkoordinator, Bauingenieur, -techniker, -meister mit Fortbildung zur Fasi\/SiGeKo<\/p>\n<p>\u2013 Fahrerlaubnis notwendig, ein Firmenwagen (fast nach Wunsch) wird gestellt<\/p>\n<p>\u2013 Teamf\u00e4higkeit und Eigenorganisation sind notwendig<\/p>\n<p>\u2013 Erfahrungen bei gr\u00f6\u00dferen Projekten sind wie immer von Vorteil, allerdings geben wir ggf. auch Absolventen eine Chance.<\/p>\n<p>Der Einstellungsort ist Th\u00f6rey direkt am Erfurter Kreuz, die Projekte sind haupts\u00e4chlich in der Mitte Deutschlands zu finden.<\/p>\n<p>Wir bieten \u00fcberdurchschnittliche Bezahlung, sehr selbstst\u00e4ndiges und freies Arbeiten, ein wunderbares Betriebsklima und vor allem: Entspannte und nette Kunden!<\/p>\n<p>Bei Fragen rufen Sie uns an, Telefon +49 36202 343923.<\/p>\n<p>Sollten wir Sie mit dieser Stellenanzeige ansprechen, bewerben Sie sich! Wir freuen uns auf Sie!<\/p>\n<p>Kommen Sie in unser kleines, aber feines Team!<\/p>\n\n\n<p><strong>Was unsere Kunden von uns erwarten?&nbsp;<\/strong><\/p>\n\n\n\n<p>Zuverl\u00e4ssigkeit, ausnehmend gute Beratung und immer ein offenes Ohr f\u00fcr die Arbeitsschutzprobleme im Bau- oder Produktionsprozess. Unsere Kunden stammen haupts\u00e4chlich aus dem Bauhauptgewerbe, den Bau\u00e4mtern der L\u00e4nder, St\u00e4dte und Gemeinden, der Deutschen Bahn, den gro\u00dfen Leitungsbauern der Republik und verschiedenen Stromkonzernen sowie vielen mittleren und kleinen Auftraggebern &#8211; ca. 400 Projekte pro Jahr werden durch uns begleitet.<\/p>\n\n\n\n<p>Anbei eine kleine Auswahl unser herausfordernden Projekte.<\/p>\n\n\n\n<hr class=\"wp-block-separator has-alpha-channel-opacity\"\/>\n\n\n\n<figure class=\"wp-block-gallery has-nested-images columns-default is-cropped wp-block-gallery-1 is-layout-flex wp-block-gallery-is-layout-flex\">\n<figure class=\"wp-block-image size-large\"><a href=\"https:\/\/www.ibeka.de\/wp-content\/uploads\/2026\/02\/DJI_0006-scaled-1.jpeg\"><img loading=\"lazy\" decoding=\"async\" width=\"1024\" height=\"768\" data-id=\"2827\" src=\"https:\/\/www.ibeka.de\/wp-content\/uploads\/2026\/02\/DJI_0006-scaled-1-1024x768.jpeg\" alt=\"\" class=\"wp-image-2827\" srcset=\"https:\/\/www.ibeka.de\/wp-content\/uploads\/2026\/02\/DJI_0006-scaled-1-1024x768.jpeg 1024w, https:\/\/www.ibeka.de\/wp-content\/uploads\/2026\/02\/DJI_0006-scaled-1-600x450.jpeg 600w, https:\/\/www.ibeka.de\/wp-content\/uploads\/2026\/02\/DJI_0006-scaled-1-300x225.jpeg 300w, https:\/\/www.ibeka.de\/wp-content\/uploads\/2026\/02\/DJI_0006-scaled-1-768x576.jpeg 768w, https:\/\/www.ibeka.de\/wp-content\/uploads\/2026\/02\/DJI_0006-scaled-1-1536x1152.jpeg 1536w, https:\/\/www.ibeka.de\/wp-content\/uploads\/2026\/02\/DJI_0006-scaled-1-2048x1536.jpeg 2048w\" sizes=\"auto, (max-width: 1024px) 100vw, 1024px\" \/><\/a><figcaption class=\"wp-element-caption\">Gottleubatalbr\u00fccke<\/figcaption><\/figure>\n\n\n\n<figure class=\"wp-block-image size-large\"><a href=\"https:\/\/www.ibeka.de\/wp-content\/uploads\/2026\/02\/Altenburg-Spielewelt-scaled.jpg\"><img loading=\"lazy\" decoding=\"async\" width=\"1024\" height=\"534\" data-id=\"2639\" src=\"https:\/\/www.ibeka.de\/wp-content\/uploads\/2026\/02\/Altenburg-Spielewelt-1024x534.jpg\" alt=\"\" class=\"wp-image-2639\" srcset=\"https:\/\/www.ibeka.de\/wp-content\/uploads\/2026\/02\/Altenburg-Spielewelt-1024x534.jpg 1024w, https:\/\/www.ibeka.de\/wp-content\/uploads\/2026\/02\/Altenburg-Spielewelt-scaled-600x313.jpg 600w, https:\/\/www.ibeka.de\/wp-content\/uploads\/2026\/02\/Altenburg-Spielewelt-300x157.jpg 300w, https:\/\/www.ibeka.de\/wp-content\/uploads\/2026\/02\/Altenburg-Spielewelt-768x401.jpg 768w, https:\/\/www.ibeka.de\/wp-content\/uploads\/2026\/02\/Altenburg-Spielewelt-1536x801.jpg 1536w, https:\/\/www.ibeka.de\/wp-content\/uploads\/2026\/02\/Altenburg-Spielewelt-2048x1069.jpg 2048w\" sizes=\"auto, (max-width: 1024px) 100vw, 1024px\" \/><\/a><figcaption class=\"wp-element-caption\">Josephimum Altenburg<\/figcaption><\/figure>\n\n\n\n<figure class=\"wp-block-image size-large\"><a href=\"https:\/\/www.ibeka.de\/wp-content\/uploads\/2026\/02\/Ferngas.jpg\"><img loading=\"lazy\" decoding=\"async\" width=\"850\" height=\"1024\" data-id=\"2649\" src=\"https:\/\/www.ibeka.de\/wp-content\/uploads\/2026\/02\/Ferngas-850x1024.jpg\" alt=\"\" class=\"wp-image-2649\" srcset=\"https:\/\/www.ibeka.de\/wp-content\/uploads\/2026\/02\/Ferngas-850x1024.jpg 850w, https:\/\/www.ibeka.de\/wp-content\/uploads\/2026\/02\/Ferngas-600x722.jpg 600w, https:\/\/www.ibeka.de\/wp-content\/uploads\/2026\/02\/Ferngas-249x300.jpg 249w, https:\/\/www.ibeka.de\/wp-content\/uploads\/2026\/02\/Ferngas-768x925.jpg 768w, https:\/\/www.ibeka.de\/wp-content\/uploads\/2026\/02\/Ferngas.jpg 926w\" sizes=\"auto, (max-width: 850px) 100vw, 850px\" \/><\/a><figcaption class=\"wp-element-caption\">Gasleitungsbau in Th\u00fcringen<\/figcaption><\/figure>\n\n\n\n<figure class=\"wp-block-image size-large\"><a href=\"https:\/\/www.ibeka.de\/wp-content\/uploads\/2026\/02\/Stadtschloss-Weimar.jpg\"><img loading=\"lazy\" decoding=\"async\" width=\"1024\" height=\"482\" data-id=\"2660\" src=\"https:\/\/www.ibeka.de\/wp-content\/uploads\/2026\/02\/Stadtschloss-Weimar-1024x482.jpg\" alt=\"\" class=\"wp-image-2660\" srcset=\"https:\/\/www.ibeka.de\/wp-content\/uploads\/2026\/02\/Stadtschloss-Weimar-1024x482.jpg 1024w, https:\/\/www.ibeka.de\/wp-content\/uploads\/2026\/02\/Stadtschloss-Weimar-600x283.jpg 600w, https:\/\/www.ibeka.de\/wp-content\/uploads\/2026\/02\/Stadtschloss-Weimar-300x141.jpg 300w, https:\/\/www.ibeka.de\/wp-content\/uploads\/2026\/02\/Stadtschloss-Weimar-768x362.jpg 768w, https:\/\/www.ibeka.de\/wp-content\/uploads\/2026\/02\/Stadtschloss-Weimar-1536x724.jpg 1536w, https:\/\/www.ibeka.de\/wp-content\/uploads\/2026\/02\/Stadtschloss-Weimar.jpg 1571w\" sizes=\"auto, (max-width: 1024px) 100vw, 1024px\" \/><\/a><figcaption class=\"wp-element-caption\">Stadtschloss Weimar<\/figcaption><\/figure>\n\n\n\n<figure class=\"wp-block-image size-large\"><a href=\"https:\/\/www.ibeka.de\/wp-content\/uploads\/2026\/02\/2015-08-11-7.jpg\"><img loading=\"lazy\" decoding=\"async\" width=\"1024\" height=\"768\" data-id=\"2832\" src=\"https:\/\/www.ibeka.de\/wp-content\/uploads\/2026\/02\/2015-08-11-7-1024x768.jpg\" alt=\"\" class=\"wp-image-2832\" srcset=\"https:\/\/www.ibeka.de\/wp-content\/uploads\/2026\/02\/2015-08-11-7-1024x768.jpg 1024w, https:\/\/www.ibeka.de\/wp-content\/uploads\/2026\/02\/2015-08-11-7-600x450.jpg 600w, https:\/\/www.ibeka.de\/wp-content\/uploads\/2026\/02\/2015-08-11-7-300x225.jpg 300w, https:\/\/www.ibeka.de\/wp-content\/uploads\/2026\/02\/2015-08-11-7-768x576.jpg 768w, https:\/\/www.ibeka.de\/wp-content\/uploads\/2026\/02\/2015-08-11-7-1536x1152.jpg 1536w, https:\/\/www.ibeka.de\/wp-content\/uploads\/2026\/02\/2015-08-11-7.jpg 1632w\" sizes=\"auto, (max-width: 1024px) 100vw, 1024px\" \/><\/a><figcaption class=\"wp-element-caption\">Neu- und Ersatzneubauten im Bereich der 110-KV-Leitungen deutschlandweit<\/figcaption><\/figure>\n\n\n\n<figure class=\"wp-block-image size-full\"><a href=\"https:\/\/www.ibeka.de\/wp-content\/uploads\/2026\/02\/bhf-zella.jpg\"><img loading=\"lazy\" decoding=\"async\" width=\"538\" height=\"426\" data-id=\"2980\" src=\"https:\/\/www.ibeka.de\/wp-content\/uploads\/2026\/02\/bhf-zella.jpg\" alt=\"\" class=\"wp-image-2980\" srcset=\"https:\/\/www.ibeka.de\/wp-content\/uploads\/2026\/02\/bhf-zella.jpg 538w, https:\/\/www.ibeka.de\/wp-content\/uploads\/2026\/02\/bhf-zella-300x238.jpg 300w\" sizes=\"auto, (max-width: 538px) 100vw, 538px\" \/><\/a><figcaption class=\"wp-element-caption\">Sanierung von Bahnh\u00f6fen<\/figcaption><\/figure>\n\n\n\n<figure class=\"wp-block-image size-large\"><a href=\"https:\/\/www.ibeka.de\/wp-content\/uploads\/2026\/02\/Seniorenwohngemeinschaft_an_der_Waidmuhle_Grossengottern_7.jpg\"><img loading=\"lazy\" decoding=\"async\" width=\"1024\" height=\"532\" data-id=\"2659\" src=\"https:\/\/www.ibeka.de\/wp-content\/uploads\/2026\/02\/Seniorenwohngemeinschaft_an_der_Waidmuhle_Grossengottern_7-1024x532.jpg\" alt=\"\" class=\"wp-image-2659\" srcset=\"https:\/\/www.ibeka.de\/wp-content\/uploads\/2026\/02\/Seniorenwohngemeinschaft_an_der_Waidmuhle_Grossengottern_7-1024x532.jpg 1024w, https:\/\/www.ibeka.de\/wp-content\/uploads\/2026\/02\/Seniorenwohngemeinschaft_an_der_Waidmuhle_Grossengottern_7-600x312.jpg 600w, https:\/\/www.ibeka.de\/wp-content\/uploads\/2026\/02\/Seniorenwohngemeinschaft_an_der_Waidmuhle_Grossengottern_7-300x156.jpg 300w, https:\/\/www.ibeka.de\/wp-content\/uploads\/2026\/02\/Seniorenwohngemeinschaft_an_der_Waidmuhle_Grossengottern_7-768x399.jpg 768w, https:\/\/www.ibeka.de\/wp-content\/uploads\/2026\/02\/Seniorenwohngemeinschaft_an_der_Waidmuhle_Grossengottern_7-1536x799.jpg 1536w, https:\/\/www.ibeka.de\/wp-content\/uploads\/2026\/02\/Seniorenwohngemeinschaft_an_der_Waidmuhle_Grossengottern_7-2048x1065.jpg 2048w\" sizes=\"auto, (max-width: 1024px) 100vw, 1024px\" \/><\/a><figcaption class=\"wp-element-caption\">Neubauten von Seniorenresidenzen<\/figcaption><\/figure>\n\n\n\n<figure class=\"wp-block-image size-large\"><a href=\"https:\/\/www.ibeka.de\/wp-content\/uploads\/2026\/02\/IMG_6992-scaled.jpg\"><img loading=\"lazy\" decoding=\"async\" width=\"768\" height=\"1024\" data-id=\"2842\" src=\"https:\/\/www.ibeka.de\/wp-content\/uploads\/2026\/02\/IMG_6992-768x1024.jpg\" alt=\"\" class=\"wp-image-2842\" srcset=\"https:\/\/www.ibeka.de\/wp-content\/uploads\/2026\/02\/IMG_6992-768x1024.jpg 768w, https:\/\/www.ibeka.de\/wp-content\/uploads\/2026\/02\/IMG_6992-scaled-600x800.jpg 600w, https:\/\/www.ibeka.de\/wp-content\/uploads\/2026\/02\/IMG_6992-225x300.jpg 225w, https:\/\/www.ibeka.de\/wp-content\/uploads\/2026\/02\/IMG_6992-1152x1536.jpg 1152w, https:\/\/www.ibeka.de\/wp-content\/uploads\/2026\/02\/IMG_6992-1536x2048.jpg 1536w, https:\/\/www.ibeka.de\/wp-content\/uploads\/2026\/02\/IMG_6992-scaled.jpg 1920w\" sizes=\"auto, (max-width: 768px) 100vw, 768px\" \/><\/a><figcaption class=\"wp-element-caption\">380KV-Leitungen deutschlandweit<\/figcaption><\/figure>\n\n\n\n<figure class=\"wp-block-image size-full\"><a href=\"https:\/\/www.ibeka.de\/wp-content\/uploads\/2026\/02\/SWE_EF_GUD.jpg\"><img loading=\"lazy\" decoding=\"async\" width=\"700\" height=\"350\" data-id=\"2844\" src=\"https:\/\/www.ibeka.de\/wp-content\/uploads\/2026\/02\/SWE_EF_GUD.jpg\" alt=\"\" class=\"wp-image-2844\" srcset=\"https:\/\/www.ibeka.de\/wp-content\/uploads\/2026\/02\/SWE_EF_GUD.jpg 700w, https:\/\/www.ibeka.de\/wp-content\/uploads\/2026\/02\/SWE_EF_GUD-600x300.jpg 600w, https:\/\/www.ibeka.de\/wp-content\/uploads\/2026\/02\/SWE_EF_GUD-300x150.jpg 300w\" sizes=\"auto, (max-width: 700px) 100vw, 700px\" \/><\/a><figcaption class=\"wp-element-caption\">Neubau von Kraftwerken<\/figcaption><\/figure>\n\n\n\n<figure class=\"wp-block-image size-full\"><a href=\"https:\/\/www.ibeka.de\/wp-content\/uploads\/2026\/02\/optisches-museum.jpg\"><img loading=\"lazy\" decoding=\"async\" width=\"960\" height=\"540\" data-id=\"2981\" src=\"https:\/\/www.ibeka.de\/wp-content\/uploads\/2026\/02\/optisches-museum.jpg\" alt=\"\" class=\"wp-image-2981\" srcset=\"https:\/\/www.ibeka.de\/wp-content\/uploads\/2026\/02\/optisches-museum.jpg 960w, https:\/\/www.ibeka.de\/wp-content\/uploads\/2026\/02\/optisches-museum-300x169.jpg 300w, https:\/\/www.ibeka.de\/wp-content\/uploads\/2026\/02\/optisches-museum-768x432.jpg 768w, https:\/\/www.ibeka.de\/wp-content\/uploads\/2026\/02\/optisches-museum-600x338.jpg 600w\" sizes=\"auto, (max-width: 960px) 100vw, 960px\" \/><\/a><figcaption class=\"wp-element-caption\">Deutsches Optisches Museum Jena<\/figcaption><\/figure>\n\n\n\n<figure class=\"wp-block-image size-full\"><a href=\"https:\/\/www.ibeka.de\/wp-content\/uploads\/2026\/02\/L-Talstrasse.jpg\"><img loading=\"lazy\" decoding=\"async\" width=\"895\" height=\"777\" data-id=\"2982\" src=\"https:\/\/www.ibeka.de\/wp-content\/uploads\/2026\/02\/L-Talstrasse.jpg\" alt=\"\" class=\"wp-image-2982\" srcset=\"https:\/\/www.ibeka.de\/wp-content\/uploads\/2026\/02\/L-Talstrasse.jpg 895w, https:\/\/www.ibeka.de\/wp-content\/uploads\/2026\/02\/L-Talstrasse-300x260.jpg 300w, https:\/\/www.ibeka.de\/wp-content\/uploads\/2026\/02\/L-Talstrasse-768x667.jpg 768w, https:\/\/www.ibeka.de\/wp-content\/uploads\/2026\/02\/L-Talstrasse-600x521.jpg 600w\" sizes=\"auto, (max-width: 895px) 100vw, 895px\" \/><\/a><figcaption class=\"wp-element-caption\">Leipzig Talstrasse<\/figcaption><\/figure>\n\n\n\n<figure class=\"wp-block-image size-large\"><a href=\"https:\/\/www.ibeka.de\/wp-content\/uploads\/2026\/02\/Loewitz-quartier.jpg\"><img loading=\"lazy\" decoding=\"async\" width=\"1024\" height=\"576\" data-id=\"2983\" src=\"https:\/\/www.ibeka.de\/wp-content\/uploads\/2026\/02\/Loewitz-quartier-1024x576.jpg\" alt=\"\" class=\"wp-image-2983\" srcset=\"https:\/\/www.ibeka.de\/wp-content\/uploads\/2026\/02\/Loewitz-quartier-1024x576.jpg 1024w, https:\/\/www.ibeka.de\/wp-content\/uploads\/2026\/02\/Loewitz-quartier-300x169.jpg 300w, https:\/\/www.ibeka.de\/wp-content\/uploads\/2026\/02\/Loewitz-quartier-768x432.jpg 768w, https:\/\/www.ibeka.de\/wp-content\/uploads\/2026\/02\/Loewitz-quartier-1536x864.jpg 1536w, https:\/\/www.ibeka.de\/wp-content\/uploads\/2026\/02\/Loewitz-quartier-600x338.jpg 600w, https:\/\/www.ibeka.de\/wp-content\/uploads\/2026\/02\/Loewitz-quartier.jpg 1920w\" sizes=\"auto, (max-width: 1024px) 100vw, 1024px\" \/><\/a><figcaption class=\"wp-element-caption\">Loewitz-Quartier Leipzig<\/figcaption><\/figure>\n<\/figure>\n","protected":false},"excerpt":{"rendered":"<p>Lust auf Ver\u00e4nderung? Wir suchen f\u00fcr unsere Projekte weitere Mitarbeiter! Arbeiten Sie als SiGeKo und\/oder Fachkraft f\u00fcr Arbeitssicherheit (BGBau BGETEM BGHM) in unserem Team. Ihre Aufgaben: Sie unterst\u00fctzen unsere Kunden&hellip;<\/p>\n","protected":false},"author":1,"featured_media":0,"parent":0,"menu_order":0,"comment_status":"closed","ping_status":"closed","template":"","meta":{"footnotes":""},"class_list":["post-2895","page","type-page","status-publish","hentry"],"_links":{"self":[{"href":"https:\/\/www.ibeka.de\/index.php?rest_route=\/wp\/v2\/pages\/2895","targetHints":{"allow":["GET"]}}],"collection":[{"href":"https:\/\/www.ibeka.de\/index.php?rest_route=\/wp\/v2\/pages"}],"about":[{"href":"https:\/\/www.ibeka.de\/index.php?rest_route=\/wp\/v2\/types\/page"}],"author":[{"embeddable":true,"href":"https:\/\/www.ibeka.de\/index.php?rest_route=\/wp\/v2\/users\/1"}],"replies":[{"embeddable":true,"href":"https:\/\/www.ibeka.de\/index.php?rest_route=%2Fwp%2Fv2%2Fcomments&post=2895"}],"version-history":[{"count":6,"href":"https:\/\/www.ibeka.de\/index.php?rest_route=\/wp\/v2\/pages\/2895\/revisions"}],"predecessor-version":[{"id":3105,"href":"https:\/\/www.ibeka.de\/index.php?rest_route=\/wp\/v2\/pages\/2895\/revisions\/3105"}],"wp:attachment":[{"href":"https:\/\/www.ibeka.de\/index.php?rest_route=%2Fwp%2Fv2%2Fmedia&parent=2895"}],"curies":[{"name":"wp","href":"https:\/\/api.w.org\/{rel}","templated":true}]}}